{"id":2334,"date":"2022-05-20T10:42:37","date_gmt":"2022-05-20T08:42:37","guid":{"rendered":"https:\/\/stage.storhogna.se\/?post_type=restaurants&#038;p=2334"},"modified":"2026-04-20T14:02:38","modified_gmt":"2026-04-20T12:02:38","slug":"3-ratters-menu-of-the-week","status":"publish","type":"restaurants","link":"https:\/\/storhogna.se\/en\/restaurants\/veckans-3-rattersmeny\/","title":{"rendered":"Tonight's two-course menu"},"content":{"rendered":"\n<div class=\"hero-slider\"><div class=\"splide\" data-slider=\"hero\" data-arrows=\"true\" data-interval=\"5\" data-transition=\"loop\" data-start-index=\"0\" id=\"hero-slider_1776686248682\" data-id=\"hero-slider_1776686248682\" data-custom-arrows=\"true\"><div class=\"splide__track\"><ul class=\"splide__list\"><li class=\"splide__slide\"><picture><source media=\"(max-width: 340px)\" srcset=\"https:\/\/storhogna.se\/wp-content\/uploads\/3-rattersmiddag-forratt-300x169.jpg\"\/><source media=\"(min-width: 341px)\" srcset=\"https:\/\/storhogna.se\/wp-content\/uploads\/3-rattersmiddag-forratt.jpg\"\/><img fetchpriority=\"high\" decoding=\"async\" class=\"fullscreen-image\" src=\"https:\/\/storhogna.se\/wp-content\/uploads\/3-rattersmiddag-forratt.jpg\" alt=\"N\u00e4rbild p\u00e5 3-r\u00e4ttersmiddag, f\u00f6rr\u00e4tt med ett glas vitt vin till\" width=\"2560\" height=\"1440\" loading=\"eager\" style=\"object-position:50% 100%\"\/><\/picture><\/li><li class=\"splide__slide\"><picture><source media=\"(max-width: 340px)\" srcset=\"https:\/\/storhogna.se\/wp-content\/uploads\/varmratt-fisk-300x200.jpg\"\/><source media=\"(min-width: 341px)\" srcset=\"https:\/\/storhogna.se\/wp-content\/uploads\/varmratt-fisk-scaled.jpg\"\/><img decoding=\"async\" class=\"fullscreen-image\" src=\"https:\/\/storhogna.se\/wp-content\/uploads\/varmratt-fisk-scaled.jpg\" alt=\"\" width=\"2560\" height=\"1707\" loading=\"eager\" style=\"object-position:47% 84%\"\/><\/picture><\/li><li class=\"splide__slide\"><picture><source media=\"(max-width: 340px)\" srcset=\"https:\/\/storhogna.se\/wp-content\/uploads\/3-ratter-300x200.jpg\"\/><source media=\"(min-width: 341px)\" srcset=\"https:\/\/storhogna.se\/wp-content\/uploads\/3-ratter-scaled.jpg\"\/><img decoding=\"async\" class=\"fullscreen-image\" src=\"https:\/\/storhogna.se\/wp-content\/uploads\/3-ratter-scaled.jpg\" alt=\"\" width=\"2560\" height=\"1707\" loading=\"eager\" style=\"object-position:50% 71%\"\/><\/picture><\/li><\/ul><\/div><\/div><div class=\"hero-slider__filter\" data-active=\"true\"><\/div><div class=\"hero-slider__fixed-content\"><div class=\"hero-slider__text-block\" data-visible=\"true\"><div class=\"hero-slider__text-block-inner\">\n<div class=\"wp-block-columns is-layout-flex wp-container-core-columns-is-layout-9d6595d7 wp-block-columns-is-layout-flex\">\n<div class=\"wp-block-column is-layout-flow wp-block-column-is-layout-flow\">\n<h1 class=\"wp-block-heading\" style=\"text-transform:none\">Kv\u00e4llens 2-r\u00e4ttersmeny<\/h1>\n\n\n\n<p>Njut av god mat i v\u00e5r vackra Vintertr\u00e4dg\u00e5rden.<\/p>\n<\/div>\n\n\n\n<div class=\"wp-block-column is-layout-flow wp-block-column-is-layout-flow\">\n<p>Varje kv\u00e4ll serverar v\u00e5rt k\u00f6k en h\u00e4rlig 2-r\u00e4ttersmeny i Vintertr\u00e4dg\u00e5rden, 18.00-21.00. Menyn varierar fr\u00e5n kv\u00e4ll till kv\u00e4ll och ing\u00e5r ofta i v\u00e5ra hotellpaket med halvpension. Hos oss \u00e4r det gr\u00f6na i fokus och vi jobbar g\u00e4rna med det som kommer fr\u00e5n skogar, fj\u00e4llets och Norrlands skafferi. Smaklig spis!<\/p>\n<\/div>\n<\/div>\n<\/div><\/div><\/div><\/div><div class=\"breadcrumbs\"><span><span><a href=\"https:\/\/storhogna.se\/\">Hem<\/a><\/span><\/span><\/div>\n\n\n\n<div class=\"wp-block-columns is-layout-flex wp-container-core-columns-is-layout-9d6595d7 wp-block-columns-is-layout-flex\">\n<div class=\"wp-block-column is-layout-flow wp-block-column-is-layout-flow\"><div class=\"block-listing\">\n  <div class=\"block-listing__layout\">\n                  <div class=\"block-listing__card block-listing__card--info block-listing__card--0 default-background\">\n        <div class=\"block-listing__info dark\">\n          <h2 style=\"text-align: left;\"><strong>Med smaker fr\u00e5n v\u00e5r omgivning<\/strong><\/h2>\n<p>I v\u00e5ra menyer \u00e4r det gr\u00f6na i fokus, d\u00e4r vi anv\u00e4nder r\u00e5varor fr\u00e5n skogens, fj\u00e4llets och norrlands skafferi. Med en kombination av klassiska metoder och modern matlagningskonst f\u00f6r\u00e4dlar vi dessa ingredienser. Du v\u00e4ljer en f\u00f6rr\u00e4tt och huvudr\u00e4tt till middagen utefter dagens val.<\/p>\n<p>Varje kv\u00e4ll s\u00e4tter \u00e4ven hovm\u00e4staren ihop maten med drycker f\u00f6r kv\u00e4llen, f\u00f6r att ge dig den b\u00e4sta smakupplevelsen. V\u00e5r personal st\u00e5r redo att rekommendera andra alternativ eller n\u00e5got ur v\u00e5r vink\u00e4llare om du f\u00f6redrar det. Kom och upplev en kulinarisk resa med oss!<\/p>\n<p>Har du inte bokat in middag s\u00e5 serveras v\u00e5r h\u00e4rliga Bistromeny, se menyn <a href=\"https:\/\/storhogna.se\/restauranger\/bistromeny\/\">h\u00e4r<\/a>.<\/p>\n<h3><strong>BOKA BORD<\/strong><\/h3>\n<p>&nbsp;<\/p>\n\n          \n                      <a class=\"btn block-listing__info-button\" href=\"https:\/\/booking.resdiary.com\/widget\/Standard\/Vintertr%C3%A4dg%C3%A5rden\/65507\">Boka bord<\/a>\n                  <\/div>\n      <\/div>\n            <\/div>\n<\/div>\n<\/div>\n\n\n\n<div class=\"wp-block-column is-layout-flow wp-block-column-is-layout-flow\">\n<style>\n.meny-kalender-wrapper{max-width:520px;margin:50px auto;font-family:\"EB Garamond\", serif;}\n.kalender-header{display:flex;justify-content:space-between;align-items:center;margin-bottom:14px;}\n.kalender-header button{background:white;border:1px solid rgba(0,0,0,0.1);border-radius:6px;padding:6px 10px;cursor:pointer;font-size:16px;}\n.kalender-header span{font-weight:800;font-size:20px;}\n.meny-kalender-grid{display:grid;grid-template-columns:repeat(7,1fr);gap:4px;}\n.kalender-dag{background:white;aspect-ratio:1\/1;display:flex;align-items:center;justify-content:center;border-radius:6px;font-size:15px;border:1px solid rgba(0,0,0,0.05);transition:.15s;color:black;cursor:pointer;}\n.kalender-dag:hover:not(.disabled){background:#e5b47f;color:white;}\n.kalender-dag.disabled{color:#aaa;cursor:default;background:#f5f5f5;}\n.kalender-dag.selected{border:2px solid #e5b47f;font-weight:800;}\n.meny-resultat{margin-top:24px;background:white;padding:22px;border-radius:10px;border:1px solid rgba(0,0,0,0.06);}\n.meny-resultat h3{font-weight:800;font-size:22px;margin-bottom:8px;}\n.meny-resultat h4{font-weight:800;font-size:18px;margin-bottom:8px;}\n.meny-resultat p{font-size:17px;line-height:1.5;margin:10px 0;}\n@media (max-width:500px){.meny-kalender-wrapper{max-width:100%;padding:0 10px;}.kalender-dag{font-size:14px;}}\n<\/style>\n\n<div class=\"meny-kalender-wrapper\">\n  <div class=\"kalender-header\">\n    <button id=\"prevMonth\">\u2190<\/button>\n    <span id=\"monthLabel\"><\/span>\n    <button id=\"nextMonth\">\u2192<\/button>\n  <\/div>\n  <div class=\"meny-kalender-grid\" id=\"kalender\"><\/div>\n  <div class=\"meny-resultat\" id=\"menyResultat\"><p>V\u00e4lj ett datum f\u00f6r att se menyn.<\/p><\/div>\n<\/div>\n\n<script>\n\/\/ &#x1f525; NYTT STARTDATUM (Meny 1 b\u00f6rjar 16 mars)\nconst startDatum=new Date(Date.UTC(2026,2,16));\nconst slutDatum=new Date(Date.UTC(2026,3,16));\n\nconst menyer=[\n{dag:\"Meny 1\",text:`<p><b>F\u00f6rr\u00e4tt<\/b><br>TARTAR<br>R\u00e5biff med \u00f6lemulsion & rostade mandlar<br><br>TARTAR VEGETARISK<br>Tartar p\u00e5 saltbakad beta & rostade mandlar<\/p>\n<p><b>Varmr\u00e4tt<\/b><br>REGNB\u00c5GE<br>Regnb\u00e5ge fr\u00e5n B\u00f6rtnan med r\u00f6dbetsvelout\u00e9, rotfrukter, potatis & citronp\u00e4rlor<br><br>HJORT<br>Hjort med kantarells\u00e5s, kr\u00e4mig potatiskaka samt krispig gr\u00f6nk\u00e5l & gel\u00e9<br><br>MOROT<br>Misobakad morot med rostad blomk\u00e5lshummus samt krispiga kik\u00e4rtor & potatiskaka<\/p>\n<p><b>Dessert<\/b><br>LINGON<br>Storhognas lingonpannacotta med flarn<\/p>`},\n\n{dag:\"Meny 2\",text:`<p><b>F\u00f6rr\u00e4tt<\/b><br>R\u00d6DING<br>R\u00f6dingkroketter med dillcr\u00e8me & rotfruktschips<br><br>GUL\u00c4RT<br>Falafel p\u00e5 gul\u00e4rt med dillcr\u00e8me & rotfruktschips<\/p>\n<p><b>Varmr\u00e4tt<\/b><br>TORSK<br>L\u00e4ttrimmad torskrygg med dillstomp broccolipur\u00e9 samt hummersm\u00f6r<br><br>LAMM<br>Lammytterfil\u00e9 med gr\u00e4ddkokt savoyk\u00e5l samt rostade rotfrukter & kryddkokt rotselleripur\u00e9<br><br>TOFU<br>Marinerad tofu med broccolipur\u00e9, sesammajonn\u00e4s & rostade rotfrukter<\/p>\n<p><b>Dessert<\/b><br>CHIBOUST<br>Med rommarinerade b\u00e4r & fr\u00f6krisp<\/p>`},\n\n{dag:\"Meny 3\",text:`<p><b>F\u00f6rr\u00e4tt<\/b><br>\u00c4RTA<br>Cr\u00e8me Ninon med rostad parmaskinka & smetana<br><br>\u00c4RTA VEGETARISK<br>Cr\u00e8me Ninon med smetana<\/p>\n<p><b>Varmr\u00e4tt<\/b><br>H\u00c4LLEFLUNDRA<br>Skaldjursmoussefylld helgeflundra med beurre blanc, sm\u00f6rslungad potatis & dillpicklad gurka<br><br>RYGGBIFF<br>Ryggbiff 54\u00b0 med cognacgr\u00e4dds\u00e5s & \u00f6rtbakad potatis samt friterad brysselk\u00e5l<br><br>PORTABELLO<br>B\u00f6nfylld portabello med \u00e4rtpesto & \u00f6rtbakad potatis<\/p>\n<p><b>Dessert<\/b><br>GLASS<br>Vaniljglass med salmiak-kolas\u00e5s & kaksmul<\/p>`},\n\n{dag:\"Meny 4\",text:`<p><b>F\u00f6rr\u00e4tt<\/b><br>R\u00c4KOR<br>Skagenr\u00f6ra p\u00e5 surdegsbr\u00f6d toppad med rom & citron<br><br>VEGANSK SKAGENR\u00d6RA<br>P\u00e5 surdegsbr\u00f6d, toppad med t\u00e5ngrom & citron<\/p>\n<p><b>Varmr\u00e4tt<\/b><br>R\u00d6DING<br>R\u00f6ding med syrad f\u00e4nk\u00e5l, vitvinss\u00e5s med forellrom samt kulpotatis<br><br>H\u00d6GREV<br>Slow cooked h\u00f6grev \u00e0 la bourguignon med potatis- & v\u00e4sterbottensostpur\u00e8<br><br>OUMPH<br>Oumph \u00e0 la bourguignon med en potatis- & v\u00e4sterbottensostpur\u00e9<\/p>\n<p><b>Dessert<\/b><br>CHOKLAD<br>Bakad chokladkr\u00e4m med rostad gr\u00e4ddfil & grillad sockerkaka<\/p>`}\n];\n\nconst kalender=document.getElementById(\"kalender\"),\nresultat=document.getElementById(\"menyResultat\"),\nmonthLabel=document.getElementById(\"monthLabel\");\n\nlet idag=new Date(),currentMonth=idag.getMonth(),currentYear=idag.getFullYear(),selectedDiv=null;\nconst weekDays=[\"M\",\"T\",\"O\",\"T\",\"F\",\"L\",\"S\"];\n\n\/\/ &#x1f525; FIX: blockera ALLT bak\u00e5t i tiden\nfunction isPast(d){\n  return d < new Date(idag.getFullYear(),idag.getMonth(),idag.getDate());\n}\n\nfunction getDayIndex(d){\n  return ((Math.floor((Date.UTC(d.getFullYear(),d.getMonth(),d.getDate())-Date.UTC(startDatum.getFullYear(),startDatum.getMonth(),startDatum.getDate()))\/(1000*60*60*24))%4)+4)%4;\n}\n\nfunction renderKalender(){\n  kalender.innerHTML=\"\";\n  weekDays.forEach(w=>{let div=document.createElement(\"div\");div.style.fontWeight=\"700\";div.style.textAlign=\"center\";div.textContent=w;kalender.appendChild(div);});\n\n  const firstDate=new Date(currentYear,currentMonth,1),\n  firstDay=(firstDate.getDay()||7)-1,\n  daysInMonth=new Date(currentYear,currentMonth+1,0).getDate();\n\n  monthLabel.innerText=firstDate.toLocaleDateString(\"sv-SE\",{month:\"long\",year:\"numeric\"});\n\n  for(let i=0;i<firstDay;i++) kalender.appendChild(document.createElement(\"div\"));\n\n  for(let dag=1;dag<=daysInMonth;dag++){\n    let datum=new Date(currentYear,currentMonth,dag),\n    div=document.createElement(\"div\");\n    div.classList.add(\"kalender-dag\");\n    div.innerText=dag;\n\n    if(datum<startDatum||datum>slutDatum||isPast(datum)){\n      div.classList.add(\"disabled\");\n    } else {\n      div.onclick=function(){\n        if(selectedDiv) selectedDiv.classList.remove(\"selected\");\n        div.classList.add(\"selected\");\n        selectedDiv=div;\n        let idx=getDayIndex(datum);\n        resultat.innerHTML=`<h3>${datum.toLocaleDateString(\"sv-SE\")}<\/h3><h4>${menyer[idx].dag}<\/h4>${menyer[idx].text}`;\n      };\n\n      if(datum.toDateString()===idag.toDateString()){\n        div.classList.add(\"selected\");\n        selectedDiv=div;\n        let idx=getDayIndex(datum);\n        resultat.innerHTML=`<h3>${datum.toLocaleDateString(\"sv-SE\")}<\/h3><h4>${menyer[idx].dag}<\/h4>${menyer[idx].text}`;\n      }\n    }\n    kalender.appendChild(div);\n  }\n}\n\ndocument.getElementById(\"prevMonth\").onclick=()=>{currentMonth--;if(currentMonth<0){currentMonth=11;currentYear--;}renderKalender();}\ndocument.getElementById(\"nextMonth\").onclick=()=>{currentMonth++;if(currentMonth>11){currentMonth=0;currentYear++;}renderKalender();}\n\nrenderKalender();\n<\/script>\n<\/div>\n<\/div>\n","protected":false},"excerpt":{"rendered":"<p>Every evening, our kitchen serves a 2-course meal in the Winter Garden. The menu varies from night to night, and our focus is on green and northern Swedish ingredients.<\/p>","protected":false},"featured_media":2367,"menu_order":3,"template":"","categories":[41],"tags":[],"class_list":["post-2334","restaurants","type-restaurants","status-publish","has-post-thumbnail","hentry","category-meny"],"acf":[],"yoast_head":"<!-- This site is optimized with the Yoast SEO plugin v27.3 - https:\/\/yoast.com\/product\/yoast-seo-wordpress\/ -->\n<title>Veckans 3-r\u00e4ttersmeny med gr\u00f6nt fokus | Storhogna H\u00f6gfj\u00e4llshotell &amp; Spa<\/title>\n<meta name=\"description\" content=\"Varje kv\u00e4ll serverar v\u00e5rt k\u00f6k en 3-r\u00e4ttersmeny i Vintertr\u00e4dg\u00e5rden. Menyn varierar fr\u00e5n kv\u00e4ll till kv\u00e4ll och hos oss \u00e4r det gr\u00f6na och norrl\u00e4ndska i fokus.\" \/>\n<meta name=\"robots\" content=\"index, follow, max-snippet:-1, max-image-preview:large, max-video-preview:-1\" \/>\n<link rel=\"canonical\" href=\"https:\/\/storhogna.se\/en\/restaurants\/3-ratters-menu-of-the-week\/\" \/>\n<meta property=\"og:locale\" content=\"en_GB\" \/>\n<meta property=\"og:type\" content=\"article\" \/>\n<meta property=\"og:title\" content=\"Veckans 3-r\u00e4ttersmeny med gr\u00f6nt fokus | Storhogna H\u00f6gfj\u00e4llshotell &amp; Spa\" \/>\n<meta property=\"og:description\" content=\"Varje kv\u00e4ll serverar v\u00e5rt k\u00f6k en 3-r\u00e4ttersmeny i Vintertr\u00e4dg\u00e5rden. Menyn varierar fr\u00e5n kv\u00e4ll till kv\u00e4ll och hos oss \u00e4r det gr\u00f6na och norrl\u00e4ndska i fokus.\" \/>\n<meta property=\"og:url\" content=\"https:\/\/storhogna.se\/en\/restaurants\/3-ratters-menu-of-the-week\/\" \/>\n<meta property=\"og:site_name\" content=\"Storhogna H\u00f6gfj\u00e4llshotell &amp; Spa\" \/>\n<meta property=\"article:publisher\" content=\"https:\/\/www.facebook.com\/storhogna\" \/>\n<meta property=\"article:modified_time\" content=\"2026-04-20T12:02:38+00:00\" \/>\n<meta property=\"og:image\" content=\"https:\/\/storhogna.se\/wp-content\/uploads\/3-rattersmiddag-varmratt.jpg\" \/>\n\t<meta property=\"og:image:width\" content=\"2560\" \/>\n\t<meta property=\"og:image:height\" content=\"1440\" \/>\n\t<meta property=\"og:image:type\" content=\"image\/jpeg\" \/>\n<meta name=\"twitter:card\" content=\"summary_large_image\" \/>\n<meta name=\"twitter:label1\" content=\"Estimated reading time\" \/>\n\t<meta name=\"twitter:data1\" content=\"2 minutes\" \/>\n<script type=\"application\/ld+json\" class=\"yoast-schema-graph\">{\"@context\":\"https:\\\/\\\/schema.org\",\"@graph\":[{\"@type\":\"WebPage\",\"@id\":\"https:\\\/\\\/storhogna.se\\\/restaurants\\\/veckans-3-rattersmeny\\\/\",\"url\":\"https:\\\/\\\/storhogna.se\\\/restaurants\\\/veckans-3-rattersmeny\\\/\",\"name\":\"Veckans 3-r\u00e4ttersmeny med gr\u00f6nt fokus | Storhogna H\u00f6gfj\u00e4llshotell & Spa\",\"isPartOf\":{\"@id\":\"https:\\\/\\\/storhogna.se\\\/#website\"},\"primaryImageOfPage\":{\"@id\":\"https:\\\/\\\/storhogna.se\\\/restaurants\\\/veckans-3-rattersmeny\\\/#primaryimage\"},\"image\":{\"@id\":\"https:\\\/\\\/storhogna.se\\\/restaurants\\\/veckans-3-rattersmeny\\\/#primaryimage\"},\"thumbnailUrl\":\"https:\\\/\\\/storhogna.se\\\/wp-content\\\/uploads\\\/3-rattersmiddag-varmratt.jpg\",\"datePublished\":\"2022-05-20T08:42:37+00:00\",\"dateModified\":\"2026-04-20T12:02:38+00:00\",\"description\":\"Varje kv\u00e4ll serverar v\u00e5rt k\u00f6k en 3-r\u00e4ttersmeny i Vintertr\u00e4dg\u00e5rden. Menyn varierar fr\u00e5n kv\u00e4ll till kv\u00e4ll och hos oss \u00e4r det gr\u00f6na och norrl\u00e4ndska i fokus.\",\"breadcrumb\":{\"@id\":\"https:\\\/\\\/storhogna.se\\\/restaurants\\\/veckans-3-rattersmeny\\\/#breadcrumb\"},\"inLanguage\":\"en-GB\",\"potentialAction\":[{\"@type\":\"ReadAction\",\"target\":[\"https:\\\/\\\/storhogna.se\\\/restaurants\\\/veckans-3-rattersmeny\\\/\"]}]},{\"@type\":\"ImageObject\",\"inLanguage\":\"en-GB\",\"@id\":\"https:\\\/\\\/storhogna.se\\\/restaurants\\\/veckans-3-rattersmeny\\\/#primaryimage\",\"url\":\"https:\\\/\\\/storhogna.se\\\/wp-content\\\/uploads\\\/3-rattersmiddag-varmratt.jpg\",\"contentUrl\":\"https:\\\/\\\/storhogna.se\\\/wp-content\\\/uploads\\\/3-rattersmiddag-varmratt.jpg\",\"width\":2560,\"height\":1440,\"caption\":\"N\u00e4rbild p\u00e5 3-r\u00e4ttersmiddag, Kyckling med gr\u00f6nsaker och ett glas r\u00f6dvin till\"},{\"@type\":\"BreadcrumbList\",\"@id\":\"https:\\\/\\\/storhogna.se\\\/restaurants\\\/veckans-3-rattersmeny\\\/#breadcrumb\",\"itemListElement\":[{\"@type\":\"ListItem\",\"position\":1,\"name\":\"Hem\",\"item\":\"https:\\\/\\\/storhogna.se\\\/\"},{\"@type\":\"ListItem\",\"position\":2,\"name\":\"Kv\u00e4llens 2-r\u00e4ttersmeny\"}]},{\"@type\":\"WebSite\",\"@id\":\"https:\\\/\\\/storhogna.se\\\/#website\",\"url\":\"https:\\\/\\\/storhogna.se\\\/\",\"name\":\"Storhogna H\u00f6gfj\u00e4llshotell &amp; Spa\",\"description\":\"Ett genuint h\u00f6gfj\u00e4llshotell med spa\",\"potentialAction\":[{\"@type\":\"SearchAction\",\"target\":{\"@type\":\"EntryPoint\",\"urlTemplate\":\"https:\\\/\\\/storhogna.se\\\/?s={search_term_string}\"},\"query-input\":{\"@type\":\"PropertyValueSpecification\",\"valueRequired\":true,\"valueName\":\"search_term_string\"}}],\"inLanguage\":\"en-GB\"}]}<\/script>\n<!-- \/ Yoast SEO plugin. -->","yoast_head_json":{"title":"This week's 3-course menu with a green focus | Storhogna H\u00f6gfj\u00e4llshotell &amp; Spa","description":"Every evening our kitchen serves a 3-course menu in the Winter Garden. The menu varies from evening to evening and with us, the green and northern focus is in focus.","robots":{"index":"index","follow":"follow","max-snippet":"max-snippet:-1","max-image-preview":"max-image-preview:large","max-video-preview":"max-video-preview:-1"},"canonical":"https:\/\/storhogna.se\/en\/restaurants\/3-ratters-menu-of-the-week\/","og_locale":"en_GB","og_type":"article","og_title":"Veckans 3-r\u00e4ttersmeny med gr\u00f6nt fokus | Storhogna H\u00f6gfj\u00e4llshotell & Spa","og_description":"Varje kv\u00e4ll serverar v\u00e5rt k\u00f6k en 3-r\u00e4ttersmeny i Vintertr\u00e4dg\u00e5rden. Menyn varierar fr\u00e5n kv\u00e4ll till kv\u00e4ll och hos oss \u00e4r det gr\u00f6na och norrl\u00e4ndska i fokus.","og_url":"https:\/\/storhogna.se\/en\/restaurants\/3-ratters-menu-of-the-week\/","og_site_name":"Storhogna H\u00f6gfj\u00e4llshotell &amp; Spa","article_publisher":"https:\/\/www.facebook.com\/storhogna","article_modified_time":"2026-04-20T12:02:38+00:00","og_image":[{"width":2560,"height":1440,"url":"https:\/\/storhogna.se\/wp-content\/uploads\/3-rattersmiddag-varmratt.jpg","type":"image\/jpeg"}],"twitter_card":"summary_large_image","twitter_misc":{"Estimated reading time":"2 minutes"},"schema":{"@context":"https:\/\/schema.org","@graph":[{"@type":"WebPage","@id":"https:\/\/storhogna.se\/restaurants\/veckans-3-rattersmeny\/","url":"https:\/\/storhogna.se\/restaurants\/veckans-3-rattersmeny\/","name":"This week's 3-course menu with a green focus | Storhogna H\u00f6gfj\u00e4llshotell &amp; Spa","isPartOf":{"@id":"https:\/\/storhogna.se\/#website"},"primaryImageOfPage":{"@id":"https:\/\/storhogna.se\/restaurants\/veckans-3-rattersmeny\/#primaryimage"},"image":{"@id":"https:\/\/storhogna.se\/restaurants\/veckans-3-rattersmeny\/#primaryimage"},"thumbnailUrl":"https:\/\/storhogna.se\/wp-content\/uploads\/3-rattersmiddag-varmratt.jpg","datePublished":"2022-05-20T08:42:37+00:00","dateModified":"2026-04-20T12:02:38+00:00","description":"Every evening our kitchen serves a 3-course menu in the Winter Garden. The menu varies from evening to evening and with us, the green and northern focus is in focus.","breadcrumb":{"@id":"https:\/\/storhogna.se\/restaurants\/veckans-3-rattersmeny\/#breadcrumb"},"inLanguage":"en-GB","potentialAction":[{"@type":"ReadAction","target":["https:\/\/storhogna.se\/restaurants\/veckans-3-rattersmeny\/"]}]},{"@type":"ImageObject","inLanguage":"en-GB","@id":"https:\/\/storhogna.se\/restaurants\/veckans-3-rattersmeny\/#primaryimage","url":"https:\/\/storhogna.se\/wp-content\/uploads\/3-rattersmiddag-varmratt.jpg","contentUrl":"https:\/\/storhogna.se\/wp-content\/uploads\/3-rattersmiddag-varmratt.jpg","width":2560,"height":1440,"caption":"N\u00e4rbild p\u00e5 3-r\u00e4ttersmiddag, Kyckling med gr\u00f6nsaker och ett glas r\u00f6dvin till"},{"@type":"BreadcrumbList","@id":"https:\/\/storhogna.se\/restaurants\/veckans-3-rattersmeny\/#breadcrumb","itemListElement":[{"@type":"ListItem","position":1,"name":"Hem","item":"https:\/\/storhogna.se\/"},{"@type":"ListItem","position":2,"name":"Kv\u00e4llens 2-r\u00e4ttersmeny"}]},{"@type":"WebSite","@id":"https:\/\/storhogna.se\/#website","url":"https:\/\/storhogna.se\/","name":"Storhogna High Mountain Hotel &amp; Spa","description":"A genuine high mountain hotel with spa","potentialAction":[{"@type":"SearchAction","target":{"@type":"EntryPoint","urlTemplate":"https:\/\/storhogna.se\/?s={search_term_string}"},"query-input":{"@type":"PropertyValueSpecification","valueRequired":true,"valueName":"search_term_string"}}],"inLanguage":"en-GB"}]}},"_links":{"self":[{"href":"https:\/\/storhogna.se\/en\/wp-json\/wp\/v2\/restaurants\/2334","targetHints":{"allow":["GET"]}}],"collection":[{"href":"https:\/\/storhogna.se\/en\/wp-json\/wp\/v2\/restaurants"}],"about":[{"href":"https:\/\/storhogna.se\/en\/wp-json\/wp\/v2\/types\/restaurants"}],"version-history":[{"count":309,"href":"https:\/\/storhogna.se\/en\/wp-json\/wp\/v2\/restaurants\/2334\/revisions"}],"predecessor-version":[{"id":17077,"href":"https:\/\/storhogna.se\/en\/wp-json\/wp\/v2\/restaurants\/2334\/revisions\/17077"}],"wp:featuredmedia":[{"embeddable":true,"href":"https:\/\/storhogna.se\/en\/wp-json\/wp\/v2\/media\/2367"}],"wp:attachment":[{"href":"https:\/\/storhogna.se\/en\/wp-json\/wp\/v2\/media?parent=2334"}],"wp:term":[{"taxonomy":"category","embeddable":true,"href":"https:\/\/storhogna.se\/en\/wp-json\/wp\/v2\/categories?post=2334"},{"taxonomy":"post_tag","embeddable":true,"href":"https:\/\/storhogna.se\/en\/wp-json\/wp\/v2\/tags?post=2334"}],"curies":[{"name":"wp","href":"https:\/\/api.w.org\/{rel}","templated":true}]}}